{"id":106,"date":"2019-07-21T12:37:30","date_gmt":"2019-07-21T10:37:30","guid":{"rendered":"http:\/\/adelucas.es\/?page_id=106"},"modified":"2020-12-18T03:43:52","modified_gmt":"2020-12-18T01:43:52","slug":"capitulos-de-libro-actas-de-congreso","status":"publish","type":"page","link":"http:\/\/adelucas.es\/?page_id=106","title":{"rendered":"Cap\u00edtulos de libro \/ Actas de congreso"},"content":{"rendered":"\t\t<div data-elementor-type=\"wp-post\" data-elementor-id=\"106\" class=\"elementor elementor-106\">\n\t\t\t\t\t\t<div class=\"elementor-inner\">\n\t\t\t\t<div class=\"elementor-section-wrap\">\n\t\t\t\t\t\t\t\t\t<section class=\"elementor-section elementor-top-section elementor-element elementor-element-406eb50 elementor-section-boxed elementor-section-height-default elementor-section-height-default\" data-id=\"406eb50\" data-element_type=\"section\">\n\t\t\t\t\t\t<div class=\"elementor-container elementor-column-gap-default\">\n\t\t\t\t\t\t\t<div class=\"elementor-row\">\n\t\t\t\t\t<div class=\"elementor-column elementor-col-100 elementor-top-column elementor-element elementor-element-bbc76d0\" data-id=\"bbc76d0\" data-element_type=\"column\">\n\t\t\t<div class=\"elementor-column-wrap elementor-element-populated\">\n\t\t\t\t\t\t\t<div class=\"elementor-widget-wrap\">\n\t\t\t\t\t\t<div class=\"elementor-element elementor-element-50acc95 elementor-widget elementor-widget-text-editor\" data-id=\"50acc95\" data-element_type=\"widget\" data-widget_type=\"text-editor.default\">\n\t\t\t\t<div class=\"elementor-widget-container\">\n\t\t\t\t\t\t\t\t<div class=\"elementor-text-editor elementor-clearfix\">\n\t\t\t\t<p><strong>Cap\u00edtulo de libro. EUNSA (2019):<\/strong><\/p><p>De Lucas Vicente, A. (2019): &#8220;\u00bfDiscutido o consensuado? La atribuci\u00f3n de modalizaci\u00f3n epist\u00e9mica y car\u00e1cter polif\u00f3nico para la (des)autorizaci\u00f3n del discurso ajeno&#8221;, en Gonz\u00e1lez Ruiz, R.; Olza, I. y Loureda Lamas, \u00d3. (2019): <em>Lengua, Cultura, Discurso. Estudios ofrecidos al profesor Manuel Casado Velarde.<\/em> Pamplona: EUNSA, pp. 195-206<\/p><p style=\"text-align: center;\"><a href=\"http:\/\/adelucas.es\/wp-content\/uploads\/2020\/12\/Discutido-o-consensuado.pdf\" target=\"_blank\" rel=\"noopener\"><img decoding=\"async\" loading=\"lazy\" class=\"alignnone wp-image-100\" src=\"http:\/\/adelucas.es\/wp-content\/uploads\/2019\/07\/icono-PDF-150x150.png\" alt=\"Descargar PDF\" width=\"59\" height=\"68\" srcset=\"http:\/\/adelucas.es\/wp-content\/uploads\/2019\/07\/icono-PDF-258x300.png 258w, http:\/\/adelucas.es\/wp-content\/uploads\/2019\/07\/icono-PDF.png 360w\" sizes=\"(max-width: 59px) 100vw, 59px\" \/><\/a><\/p><p><img decoding=\"async\" loading=\"lazy\" class=\"aligncenter wp-image-440 size-medium\" src=\"http:\/\/adelucas.es\/wp-content\/uploads\/2020\/12\/Portada-hom-Casado-215x300.jpg\" alt=\"\" width=\"215\" height=\"300\" srcset=\"http:\/\/adelucas.es\/wp-content\/uploads\/2020\/12\/Portada-hom-Casado-215x300.jpg 215w, http:\/\/adelucas.es\/wp-content\/uploads\/2020\/12\/Portada-hom-Casado-768x1069.jpg 768w, http:\/\/adelucas.es\/wp-content\/uploads\/2020\/12\/Portada-hom-Casado-735x1024.jpg 735w\" sizes=\"(max-width: 215px) 100vw, 215px\" \/>\u200b<\/p><p><strong>Participaci\u00f3n en actas de congreso (2015):<\/strong><\/p><p>De Lucas Vicente, A. (2015): &#8220;Los verbos de comunicaci\u00f3n desde una perspectiva integradora de base coseriana&#8221;, en Bombi, R. y Orioles, V. (eds.), <em>Oltre saussure. L\u2019eredit\u00e0 scientifica di Eugenio Coseriu\/ Beyond saussure. Eugenio Coseriu\u2019s scientific legacy. Atti del Congresso Internazionale Universit\u00e0 degli Studi di Udine, 1-2 ottobre 2013 \/ Proceedings of 4th International Congress University of Udine, 1-2 October 2013<\/em>. Ed. Franco Cesati.<\/p><p style=\"text-align: center;\"><a href=\"https:\/\/www.amazon.es\/Saussure-Leredit%C3%A0-scientifica-Coseriu-Beyond-scientific\/dp\/8876675566\"><img decoding=\"async\" loading=\"lazy\" class=\"wp-image-62 alignnone\" src=\"http:\/\/adelucas.es\/wp-content\/uploads\/2019\/07\/ir-a-web.png\" alt=\"\" width=\"68\" height=\"68\" srcset=\"http:\/\/adelucas.es\/wp-content\/uploads\/2019\/07\/ir-a-web.png 225w, http:\/\/adelucas.es\/wp-content\/uploads\/2019\/07\/ir-a-web-150x150.png 150w\" sizes=\"(max-width: 68px) 100vw, 68px\" \/>\u00a0<\/a><a href=\"http:\/\/www.francocesatieditore.com\/catalogo\/oltre-saussurel%C2%92eredita-scientifica-di-eugenio-coseriu\/\"><img decoding=\"async\" loading=\"lazy\" class=\"wp-image-62 alignnone\" src=\"http:\/\/adelucas.es\/wp-content\/uploads\/2019\/07\/ir-a-web.png\" alt=\"\" width=\"68\" height=\"68\" srcset=\"http:\/\/adelucas.es\/wp-content\/uploads\/2019\/07\/ir-a-web.png 225w, http:\/\/adelucas.es\/wp-content\/uploads\/2019\/07\/ir-a-web-150x150.png 150w\" sizes=\"(max-width: 68px) 100vw, 68px\" \/><\/a> \u00a0<a href=\"http:\/\/adelucas.es\/wp-content\/uploads\/2019\/07\/Los_verbos_de_comunicacion_desde_una_per.pdf\" target=\"_blank\" rel=\"noopener\"><img decoding=\"async\" loading=\"lazy\" class=\"alignnone wp-image-100\" src=\"http:\/\/adelucas.es\/wp-content\/uploads\/2019\/07\/icono-PDF-150x150.png\" alt=\"Descargar PDF\" width=\"59\" height=\"68\" srcset=\"http:\/\/adelucas.es\/wp-content\/uploads\/2019\/07\/icono-PDF-258x300.png 258w, http:\/\/adelucas.es\/wp-content\/uploads\/2019\/07\/icono-PDF.png 360w\" sizes=\"(max-width: 59px) 100vw, 59px\" \/><\/a>\u00a0\u00a0<\/p><p><strong><img decoding=\"async\" loading=\"lazy\" class=\"wp-image-111 size-full aligncenter\" src=\"http:\/\/adelucas.es\/wp-content\/uploads\/2019\/07\/Oltre-Saussure-e1563705794712.jpg\" alt=\"\" width=\"240\" height=\"352\" \/><\/strong><\/p><p><strong>\u00a0<\/strong><\/p><p><strong>Cap\u00edtulo de libro: Ediciones Alfar (2015):<\/strong><\/p><p>De Lucas Vicente, A. (2015): \u201cHacia la construcci\u00f3n del paradigma l\u00e9xico de los verbos introductores de discurso. An\u00e1lisis de su tratamiento lexicogr\u00e1fico actual\u201d, en \u00c1lvarez L\u00f3pez, C.; Garrido Mart\u00edn, B. y Gonz\u00e1lez Sanz, M. (coords.),<em> J\u00f3venes aportaciones a la investigaci\u00f3n ling\u00fc\u00edstica<\/em>. Ediciones Alfar.<\/p><p style=\"text-align: center;\"><a href=\"http:\/\/edicionesalfar.es\/web\/tienda_online\/es\/alfar-universidad-seria-linguistica-y-semiotica\/1420-jovenes-aportaciones-a-la-investigacion-linguistica-9788478985753.html\"><img decoding=\"async\" loading=\"lazy\" class=\"wp-image-62 alignnone\" src=\"http:\/\/adelucas.es\/wp-content\/uploads\/2019\/07\/ir-a-web.png\" alt=\"\" width=\"68\" height=\"68\" srcset=\"http:\/\/adelucas.es\/wp-content\/uploads\/2019\/07\/ir-a-web.png 225w, http:\/\/adelucas.es\/wp-content\/uploads\/2019\/07\/ir-a-web-150x150.png 150w\" sizes=\"(max-width: 68px) 100vw, 68px\" \/><\/a> <a href=\"http:\/\/adelucas.es\/wp-content\/uploads\/2019\/07\/Hacia_la_construccion_del_paradigma_lexi.pdf\"><img decoding=\"async\" loading=\"lazy\" class=\"wp-image-100 alignnone\" src=\"http:\/\/adelucas.es\/wp-content\/uploads\/2019\/07\/icono-PDF-150x150.png\" alt=\"Descargar PDF\" width=\"59\" height=\"68\" srcset=\"http:\/\/adelucas.es\/wp-content\/uploads\/2019\/07\/icono-PDF-258x300.png 258w, http:\/\/adelucas.es\/wp-content\/uploads\/2019\/07\/icono-PDF.png 360w\" sizes=\"(max-width: 59px) 100vw, 59px\" \/><\/a>\u00a0\u00a0<\/p><p><img decoding=\"async\" loading=\"lazy\" class=\"wp-image-110 aligncenter\" src=\"http:\/\/adelucas.es\/wp-content\/uploads\/2019\/07\/jovenes-aportaciones-a-la-investigacion-linguistica-300x300.jpg\" alt=\"\" width=\"350\" height=\"350\" srcset=\"http:\/\/adelucas.es\/wp-content\/uploads\/2019\/07\/jovenes-aportaciones-a-la-investigacion-linguistica-300x300.jpg 300w, http:\/\/adelucas.es\/wp-content\/uploads\/2019\/07\/jovenes-aportaciones-a-la-investigacion-linguistica-150x150.jpg 150w, http:\/\/adelucas.es\/wp-content\/uploads\/2019\/07\/jovenes-aportaciones-a-la-investigacion-linguistica.jpg 600w\" sizes=\"(max-width: 350px) 100vw, 350px\" \/><\/p><h4 style=\"text-align: center;\">\u00a0<\/h4>\t\t\t\t\t<\/div>\n\t\t\t\t\t\t<\/div>\n\t\t\t\t<\/div>\n\t\t\t\t\t\t<\/div>\n\t\t\t\t\t<\/div>\n\t\t<\/div>\n\t\t\t\t\t\t\t\t<\/div>\n\t\t\t\t\t<\/div>\n\t\t<\/section>\n\t\t\t\t\t\t\t\t\t<\/div>\n\t\t\t<\/div>\n\t\t\t\t\t<\/div>\n\t\t","protected":false},"excerpt":{"rendered":"<p>Cap\u00edtulo de libro. EUNSA (2019): De Lucas Vicente, A. (2019): &#8220;\u00bfDiscutido o consensuado? La atribuci\u00f3n de modalizaci\u00f3n epist\u00e9mica y car\u00e1cter polif\u00f3nico para la (des)autorizaci\u00f3n del discurso ajeno&#8221;, en Gonz\u00e1lez Ruiz, R.; Olza, I. y Loureda Lamas, \u00d3. (2019): Lengua, Cultura, Discurso. Estudios ofrecidos al profesor Manuel Casado Velarde. Pamplona: EUNSA, pp. 195-206 \u200b Participaci\u00f3n en &#8230;<\/p>\n","protected":false},"author":1,"featured_media":0,"parent":0,"menu_order":0,"comment_status":"closed","ping_status":"closed","template":"","meta":[],"_links":{"self":[{"href":"http:\/\/adelucas.es\/index.php?rest_route=\/wp\/v2\/pages\/106"}],"collection":[{"href":"http:\/\/adelucas.es\/index.php?rest_route=\/wp\/v2\/pages"}],"about":[{"href":"http:\/\/adelucas.es\/index.php?rest_route=\/wp\/v2\/types\/page"}],"author":[{"embeddable":true,"href":"http:\/\/adelucas.es\/index.php?rest_route=\/wp\/v2\/users\/1"}],"replies":[{"embeddable":true,"href":"http:\/\/adelucas.es\/index.php?rest_route=%2Fwp%2Fv2%2Fcomments&post=106"}],"version-history":[{"count":8,"href":"http:\/\/adelucas.es\/index.php?rest_route=\/wp\/v2\/pages\/106\/revisions"}],"predecessor-version":[{"id":477,"href":"http:\/\/adelucas.es\/index.php?rest_route=\/wp\/v2\/pages\/106\/revisions\/477"}],"wp:attachment":[{"href":"http:\/\/adelucas.es\/index.php?rest_route=%2Fwp%2Fv2%2Fmedia&parent=106"}],"curies":[{"name":"wp","href":"https:\/\/api.w.org\/{rel}","templated":true}]}}